{"id":167,"date":"2021-08-28T16:43:27","date_gmt":"2021-08-28T14:43:27","guid":{"rendered":"http:\/\/celine-le-mer-proquin.fr\/?page_id=3"},"modified":"2025-11-27T15:17:18","modified_gmt":"2025-11-27T14:17:18","slug":"mentions-legales","status":"publish","type":"page","link":"https:\/\/adeline-proquin-naturopathe.fr\/index.php\/mentions-legales\/","title":{"rendered":"Mentions l\u00e9gales"},"content":{"rendered":"<p>[et_pb_section fb_built=\u00a0\u00bb1&Prime; fullwidth=\u00a0\u00bbon\u00a0\u00bb _builder_version=\u00a0\u00bb4.27.4&Prime; _module_preset=\u00a0\u00bbdefault\u00a0\u00bb background_color=\u00a0\u00bb#fffaf4&Prime; background_enable_image=\u00a0\u00bboff\u00a0\u00bb background_size=\u00a0\u00bbcontain\u00a0\u00bb module_alignment_tablet=\u00a0\u00bb\u00a0\u00bb module_alignment_phone=\u00a0\u00bb\u00a0\u00bb module_alignment_last_edited=\u00a0\u00bbon|phone\u00a0\u00bb global_colors_info=\u00a0\u00bb{}\u00a0\u00bb][et_pb_fullwidth_header title=\u00a0\u00bb Se lib\u00e9rer du stress, de la fatigue et des troubles du sommeil. Retrouver \u00e9nergie, \u00e9quilibre et bien-\u00eatre\u00a0\u00bb logo_image_url=\u00a0\u00bbhttps:\/\/adeline-proquin-naturopathe.fr\/wp-content\/uploads\/2025\/11\/Logo-fond-blanc.jpg\u00a0\u00bb subhead_last_edited=\u00a0\u00bboff|desktop\u00a0\u00bb content_last_edited=\u00a0\u00bboff|desktop\u00a0\u00bb _builder_version=\u00a0\u00bb4.27.4&Prime; _module_preset=\u00a0\u00bbdefault\u00a0\u00bb title_font=\u00a0\u00bb|||||on|||\u00a0\u00bb title_text_align=\u00a0\u00bbcenter\u00a0\u00bb title_text_color=\u00a0\u00bb#C4698F\u00a0\u00bb title_font_size=\u00a0\u00bb50px\u00a0\u00bb title_line_height=\u00a0\u00bb1.1em\u00a0\u00bb content_text_color=\u00a0\u00bb#4C4A55&Prime; content_font_size=\u00a0\u00bb18px\u00a0\u00bb subhead_font=\u00a0\u00bb||||||||\u00a0\u00bb subhead_text_align=\u00a0\u00bbright\u00a0\u00bb subhead_text_color=\u00a0\u00bb#C4698F\u00a0\u00bb subhead_font_size=\u00a0\u00bb23px\u00a0\u00bb background_color=\u00a0\u00bbrgba(76,74,85,0.6)\u00a0\u00bb use_background_color_gradient=\u00a0\u00bbon\u00a0\u00bb background_color_gradient_direction=\u00a0\u00bb90deg\u00a0\u00bb background_color_gradient_stops=\u00a0\u00bb#ffffff 0%|rgba(255,255,255,0.54) 100%\u00a0\u00bb background_color_gradient_start=\u00a0\u00bb#ffffff\u00a0\u00bb background_color_gradient_end=\u00a0\u00bbrgba(255,255,255,0.54)\u00a0\u00bb background_enable_image=\u00a0\u00bboff\u00a0\u00bb background_size=\u00a0\u00bbinitial\u00a0\u00bb background_position=\u00a0\u00bbtop_left\u00a0\u00bb background_layout=\u00a0\u00bblight\u00a0\u00bb min_height=\u00a0\u00bb674.7px\u00a0\u00bb custom_margin=\u00a0\u00bb||-277px||false|false\u00a0\u00bb custom_padding=\u00a0\u00bb100px||18px||false|false\u00a0\u00bb hover_enabled=\u00a0\u00bb0&Prime; title_font_size_tablet=\u00a0\u00bb\u00a0\u00bb title_font_size_phone=\u00a0\u00bb33px\u00a0\u00bb title_font_size_last_edited=\u00a0\u00bbon|desktop\u00a0\u00bb title_line_height_tablet=\u00a0\u00bb\u00a0\u00bb title_line_height_phone=\u00a0\u00bb1.2em\u00a0\u00bb title_line_height_last_edited=\u00a0\u00bbon|phone\u00a0\u00bb content_font_size_tablet=\u00a0\u00bb\u00a0\u00bb content_font_size_phone=\u00a0\u00bb14px\u00a0\u00bb content_font_size_last_edited=\u00a0\u00bbon|phone\u00a0\u00bb background_last_edited=\u00a0\u00bbon|phone\u00a0\u00bb background_image_phone=\u00a0\u00bbhttps:\/\/adeline-proquin-naturopathe.fr\/wp-content\/uploads\/2022\/06\/Landing-smartphone-v2.png\u00a0\u00bb background_enable_image_phone=\u00a0\u00bbon\u00a0\u00bb border_radii_image=\u00a0\u00bbon|100px|100px|100px|100px\u00a0\u00bb global_colors_info=\u00a0\u00bb{}\u00a0\u00bb sticky_enabled=\u00a0\u00bb0&Prime;]<\/p>\n<p style=\"text-align: justify;\"><span style=\"font-weight: 400;\"><\/span><\/p>\n<p>&nbsp;<\/p>\n<p>[\/et_pb_fullwidth_header][\/et_pb_section][et_pb_section fb_built=\u00a0\u00bb1&Prime; _builder_version=\u00a0\u00bb4.27.4&Prime; background_color=\u00a0\u00bb#FBFCFA\u00a0\u00bb global_colors_info=\u00a0\u00bb{}\u00a0\u00bb][et_pb_row _builder_version=\u00a0\u00bb4.16&Prime; background_size=\u00a0\u00bbinitial\u00a0\u00bb background_position=\u00a0\u00bbtop_left\u00a0\u00bb background_repeat=\u00a0\u00bbrepeat\u00a0\u00bb global_colors_info=\u00a0\u00bb{}\u00a0\u00bb][et_pb_column type=\u00a0\u00bb4_4&Prime; _builder_version=\u00a0\u00bb4.16&Prime; custom_padding=\u00a0\u00bb|||\u00a0\u00bb global_colors_info=\u00a0\u00bb{}\u00a0\u00bb custom_padding__hover=\u00a0\u00bb|||\u00a0\u00bb][et_pb_text _builder_version=\u00a0\u00bb4.27.4&Prime; background_size=\u00a0\u00bbinitial\u00a0\u00bb background_position=\u00a0\u00bbtop_left\u00a0\u00bb background_repeat=\u00a0\u00bbrepeat\u00a0\u00bb global_colors_info=\u00a0\u00bb{}\u00a0\u00bb]<\/p>\n<p><!-- divi:heading --><\/p>\n<h2>Qui suis-je ?<\/h2>\n<p>L\u2019adresse de mon site Web est : https:\/\/adeline-proquin-naturopathe.fr\/<\/p>\n<p>&nbsp;<\/p>\n<p>&nbsp;<\/p>\n<p><!-- \/divi:paragraph --><!-- divi:heading --><\/p>\n<div class=\"\" id=\"h1\">\n<div class=\"sb-bloc \">\n<div class=\"sb-bloc-inner\">\n<h1>Mentions l\u00e9gales<\/h1>\n<\/div>\n<\/div>\n<\/div>\n<div class=\"\" id=\"center_inner\">\n<div class=\"sections-container\">\n<section class=\" section tree-container\" id=\"corps-de-la-page_1338086\">\n<div class=\"sb-bloc-inner container_22016713_inner\" id=\"container_22016713_inner\" style=\"padding: 10px 10px 60px 10px;\">\n<div class=\"subcontainers\">\n<div id=\"container_22073385\" class=\" sb-bloc sb-bloc-level-3 bloc-element-legal-notice-text  \" style=\"padding: 10px 10px 10px 10px;\">\n<div id=\"container_22073385_inner\" class=\"sb-bloc-inner container_22073385_inner\">\n<div class=\"element element-legal-notice-text\" spellcheck=\"true\">\n<p>Conform\u00e9ment aux dispositions des articles 6-III et 19 de la Loi n\u00b0 2004-575 du 21 juin 2004 pour la Confiance dans l&rsquo;\u00e9conomie num\u00e9rique, dite L.C.E.N., nous portons \u00e0 la connaissance des utilisateurs et visiteurs du site adeline-proquin-naturopathe.fr les informations suivantes :<\/p>\n<p>&nbsp;<\/p>\n<h2><strong>1. Informations l\u00e9gales<\/strong><\/h2>\n<h3><strong>1.1. Editeur du Site<\/strong><\/h3>\n<p>Adeline PROQUIN<\/p>\n<p>41 rue de la Mirandelle<\/p>\n<p>79000 NIORT<\/p>\n<p>06 83 13 76 62 \/ aproquin.naturo@gmail.com<\/p>\n<h3><strong>1.2. Activit\u00e9<\/strong><\/h3>\n<p><strong>Nom de l\u2019\u00c9tat de l&rsquo;Union europ\u00e9enne dans lequel le titre professionnel a \u00e9t\u00e9 octroy\u00e9 :<\/strong> France<\/p>\n<p><strong>Nom de l&rsquo;ordre ou de l&rsquo;organisme aupr\u00e8s duquel une inscription a \u00e9t\u00e9 faite :<\/strong> Auto Entrepreneur Urssaf<\/p>\n<h3><strong>1.3. Site internet<\/strong><\/h3>\n<p><strong>Le site internet est h\u00e9berg\u00e9 sur le domaine :<\/strong> https:\/\/adeline-proquin-naturopathe.fr<\/p>\n<h3><strong>1.4. Responsable de la publication<\/strong><\/h3>\n<p><strong>Responsable de la publication :<\/strong> Adeline Proquin<\/p>\n<p><strong>Email :<\/strong> <span style=\"font-weight: 400;\">aproquin.naturo@gmail.com<\/span><\/p>\n<p><strong>T\u00e9l. :<\/strong> 06 83 13 76 62<\/p>\n<p><strong>Ville du tribunal de comp\u00e9tence en cas de litige :<\/strong> Niort<\/p>\n<h3><strong>1.5. Agence \/ Webmaster<\/strong><\/h3>\n<p><strong>Nom :<\/strong> Proquin Nicolas<\/p>\n<p><strong>Adresse :<\/strong> 3 route de la Roug\u00e8re<\/p>\n<p><strong>Code postal :<\/strong> 89 580<\/p>\n<p><strong>Ville :<\/strong> Coulangeron<\/p>\n<p><strong>Pays :<\/strong> France<\/p>\n<p><strong>Email :<\/strong> nicolas.proquin@gmail.com<\/p>\n<p><strong>T\u00e9l. :<\/strong> 07 82 31 70 77<\/p>\n<h3><strong>1.6. H\u00e9bergement<\/strong><\/h3>\n<p><strong>Entreprise :<\/strong> OVH<\/p>\n<p><strong>Adresse :<\/strong> 2 rue Kellermann<\/p>\n<p><strong>Code postal :<\/strong> 59100<\/p>\n<p><strong>Ville :<\/strong> Roubaix<\/p>\n<p><strong>Pays :<\/strong> France<\/p>\n<p><strong>T\u00e9l. :<\/strong> +33 (0)8 99 70 17 61<\/p>\n<h2><strong>2. Pr\u00e9sentation et principe <\/strong><\/h2>\n<p>Est d\u00e9sign\u00e9 ci-apr\u00e8s : Utilisateur, tout internaute se connectant et utilisant le site susnomm\u00e9 : adeline-proquin-naturopathe.fr<\/p>\n<p>Adeline Proquin s\u2019efforce de fournir sur le site www.adeline-proquin-naturopathe.fr les informations les plus pr\u00e9cises et \u00e0 jour possibles (sous r\u00e9serve de modifications apport\u00e9es depuis leur mise en ligne), mais ne saurait garantir l&rsquo;exactitude, la compl\u00e9tude et l&rsquo;actualit\u00e9 des informations diffus\u00e9es sur son site, qu\u2019elles soient de son fait ou du fait des tiers partenaires qui lui fournissent ces informations. En cons\u00e9quence, l&rsquo;internaute devra donc s&rsquo;assurer de l&rsquo;exactitude des informations et signaler toutes modifications du site qu&rsquo;il jugerait utile. Adeline Proquin n&rsquo;est en aucun cas responsable de l&rsquo;utilisation faite de ces informations, et de tout pr\u00e9judice direct ou indirect pouvant en d\u00e9couler.<\/p>\n<h2><strong>3. Accessibilit\u00e9<\/strong><\/h2>\n<p>Le site adeline-proquin-naturopathe.fr est par principe accessible aux utilisateurs 24\/24h, 7\/7j, sauf interruption, programm\u00e9e ou non, pour les besoins de sa maintenance ou en cas de force majeure. En cas d\u2019impossibilit\u00e9 d\u2019acc\u00e8s au service, Adeline Proquin s\u2019engage \u00e0 faire son maximum afin de r\u00e9tablir l\u2019acc\u00e8s au service. N\u2019\u00e9tant soumis qu\u2019\u00e0 une obligation de moyen, Adeline Proquin ne saurait \u00eatre tenu pour responsable de tout dommage, quelle qu\u2019en soit la nature, r\u00e9sultant d\u2019une indisponibilit\u00e9 du service.<\/p>\n<h2><strong>4. Propri\u00e9t\u00e9 intellectuelle<\/strong><\/h2>\n<p>Adeline Proquin est propri\u00e9taire exclusif de tous les droits de propri\u00e9t\u00e9 intellectuelle ou d\u00e9tient les droits d\u2019usage sur tous les \u00e9l\u00e9ments accessibles sur le site, tant sur la structure que sur les textes, images, graphismes, logo, ic\u00f4nes, sons, logiciels\u2026<\/p>\n<p>Toute reproduction totale ou partielle du site adeline-proquin-naturopathe.fr, repr\u00e9sentation, modification, publication, adaptation totale ou partielle de l&rsquo;un quelconque de ces \u00e9l\u00e9ments est interdite, sauf autorisation \u00e9crite pr\u00e9alable de Adeline Proquin. \u00c0 d\u00e9faut, elle sera consid\u00e9r\u00e9e comme constitutive d\u2019une contrefa\u00e7on et passible de poursuite conform\u00e9ment aux dispositions des articles L.335-2 et suivants du Code de Propri\u00e9t\u00e9 Intellectuelle.<\/p>\n<h2><strong>5. Liens hypertextes et cookies<\/strong><\/h2>\n<h3><strong>5.1. Liens hypertexte<\/strong><\/h3>\n<p>Le site adeline-proquin-naturopathe.fr peut contenir un certain nombre de liens hypertextes vers d\u2019autres sites. Adeline Proquin ne dispose d&rsquo;aucun moyen pour contr\u00f4ler les sites en connexion avec son site internet et ne r\u00e9pond pas de la disponibilit\u00e9 de tels sites et sources externes, ni ne la garantit. Adeline Proquin ne peut \u00eatre tenue pour responsable de tout dommage, de quelque nature que ce soit, r\u00e9sultant du contenu de ces sites ou sources externes, et notamment des informations, produits ou services qu\u2019ils proposent.<\/p>\n<p>Si vous naviguez vers un de ces sites, veuillez noter qu\u2019ils poss\u00e8dent leur propre politique de confidentialit\u00e9 et que notre responsabilit\u00e9 s\u2019arr\u00eate au moment o\u00f9 vous quittez notre site.<\/p>\n<p>Les propri\u00e9taires de sites internet tiers ne peuvent mettre en place un hyperlien en direction de ce site sans l&rsquo;autorisation expresse et pr\u00e9alable de Adeline Proquin qui se r\u00e9serve le droit d\u2019accepter ou de refuser un hyperlien sans avoir \u00e0 en justifier sa d\u00e9cision.<\/p>\n<h3><strong>5.2. Cookies<\/strong><\/h3>\n<p>L\u2019utilisateur est inform\u00e9 que lors de ses visites sur le site adeline-proquin-naturopathe.fr, un ou des cookies sont susceptibles de s\u2019installer automatiquement sur son ordinateur par l&rsquo;interm\u00e9diaire de son logiciel de navigation. Un cookie est un bloc de donn\u00e9es qui ne permet pas d&rsquo;identifier l&rsquo;utilisateur, mais qui enregistre des informations relatives \u00e0 la navigation de celui-ci sur le site. Il contient plusieurs donn\u00e9es qui sont stock\u00e9es sur votre ordinateur dans un simple fichier texte auquel un serveur acc\u00e8de pour lire et enregistrer des informations.<\/p>\n<p>Le param\u00e9trage du logiciel de navigation permet d\u2019informer de la pr\u00e9sence de cookie et \u00e9ventuellement, de la refuser de la mani\u00e8re d\u00e9crite \u00e0 l\u2019adresse suivante : <a>www.cnil.fr<\/a>.<\/p>\n<h3><strong>5.3. Les cookies tiers<\/strong><\/h3>\n<p>Notre site peut contenir des liens vers ou depuis des sites partenaires et d\u2019autres sites tiers. Si vous naviguez vers un de ces sites, veuillez noter qu\u2019ils poss\u00e8dent leur propre politique de confidentialit\u00e9 et que notre responsabilit\u00e9 s\u2019arr\u00eate au moment o\u00f9 vous quittez notre site. V\u00e9rifiez les politiques de confidentialit\u00e9 avant de transmettre vos donn\u00e9es personnelles \u00e0 des sites tiers.<\/p>\n<h2><strong>6. Protection des biens et des personnes &#8211; gestion des donn\u00e9es personnelles<\/strong><\/h2>\n<p>Le Client est inform\u00e9 des r\u00e9glementations concernant la communication marketing, la loi du 21 Juin 2014 pour la confiance dans l\u2019Economie Num\u00e9rique, la Loi Informatique et Libert\u00e9 du 06 Ao\u00fbt 2004 ainsi que du R\u00e8glement G\u00e9n\u00e9ral sur la Protection des Donn\u00e9es (RGPD : n\u00b0 2016-679).<\/p>\n<h3><strong>6.1. Responsables de la collecte des donn\u00e9es personnelles<\/strong><\/h3>\n<p>Pour les Donn\u00e9es Personnelles collect\u00e9es dans le cadre de la cr\u00e9ation du compte personnel de l\u2019Utilisateur et de sa navigation sur le Site, le responsable du traitement des Donn\u00e9es Personnelles est : Adeline Proquin. adeline-proquin-naturopathe.fr est repr\u00e9sent\u00e9 par Adeline Proquin, son repr\u00e9sentant l\u00e9gal.<\/p>\n<p>En tant que responsable du traitement des donn\u00e9es qu\u2019il collecte, adeline-proquin-naturopathe.fr s\u2019engage \u00e0 respecter le cadre des dispositions l\u00e9gales en vigueur. Il lui appartient notamment au Client d\u2019\u00e9tablir les finalit\u00e9s de ses traitements de donn\u00e9es, de fournir \u00e0 ses prospects et clients, \u00e0 partir de la collecte de leurs consentements, une information compl\u00e8te sur le traitement de leurs donn\u00e9es personnelles et de maintenir un registre des traitements conforme \u00e0 la r\u00e9alit\u00e9. Chaque fois que adeline-proquin-naturopathe.fr traite des Donn\u00e9es Personnelles, adeline-proquin-naturopathe.fr prend toutes les mesures raisonnables pour s\u2019assurer de l\u2019exactitude et de la pertinence des Donn\u00e9es Personnelles au regard des finalit\u00e9s pour lesquelles adeline-proquin-naturopathe.fr les traite.<\/p>\n<h3><strong>6.2. Finalit\u00e9 des donn\u00e9es collect\u00e9es<\/strong><\/h3>\n<p>adeline-proquin-naturopathe.fr est susceptible de traiter tout ou partie des donn\u00e9es :<\/p>\n<ul>\n<li>pour permettre la navigation sur le Site et la connexion \u00e0 l&rsquo;espace priv\u00e9e par l\u2019utilisateur : donn\u00e9es de connexion et d\u2019utilisation du Site<\/li>\n<li>pour pr\u00e9venir et lutter contre la fraude informatique (spamming, hacking\u2026) : mat\u00e9riel informatique utilis\u00e9 pour la navigation, l\u2019adresse IP, pages visit\u00e9es<\/li>\n<li>pour am\u00e9liorer la navigation sur le Site : donn\u00e9es de connexion et d\u2019utilisation<\/li>\n<\/ul>\n<p>adeline-proquin-naturopathe.fr ne commercialise pas vos donn\u00e9es personnelles qui sont donc uniquement utilis\u00e9es par n\u00e9cessit\u00e9 ou \u00e0 des fins statistiques et d\u2019analyses.<\/p>\n<h2><strong>7- Limitation de responsabilit\u00e9<\/strong><\/h2>\n<p>Les informations contenues sur ce site sont aussi pr\u00e9cises que possible et le site est p\u00e9riodiquement remis \u00e0 jour, mais peut toutefois contenir des inexactitudes, des omissions ou des lacunes. Si vous constatez une lacune, erreur ou ce qui para\u00eet \u00eatre un dysfonctionnement, merci de bien vouloir le signaler par email en d\u00e9crivant le probl\u00e8me de la mani\u00e8re la plus pr\u00e9cise possible (page posant probl\u00e8me, action d\u00e9clenchante, type d\u2019ordinateur et de navigateur utilis\u00e9, \u2026). adeline-proquin-naturopathe.fr ne peut pas \u00eatre tenu responsable des lacunes, erreurs ou dysfonctionnement engendr\u00e9s.<\/p>\n<p>Tout contenu t\u00e9l\u00e9charg\u00e9 se fait aux risques et p\u00e9rils de l&rsquo;utilisateur et sous sa seule responsabilit\u00e9. Par cons\u00e9quent, Adeline Proquin ne saurait \u00eatre tenu responsable d&rsquo;un quelconque dommage subi par l&rsquo;ordinateur de l&rsquo;utilisateur ou d&rsquo;une quelconque perte de donn\u00e9es cons\u00e9cutives au t\u00e9l\u00e9chargement.<\/p>\n<p>Les liens hypertextes mis en place dans le cadre du pr\u00e9sent site internet en direction d&rsquo;autres ressources pr\u00e9sentes sur le r\u00e9seau Internet ne sauraient engager la responsabilit\u00e9 de Adeline Proquin.<\/p>\n<h3><strong>A propos des mentions l\u00e9gales :<\/strong><\/h3>\n<p>Les mentions l\u00e9gales d\u00e9finies sur cette page s&rsquo;appliquent \u00e0 l&rsquo;ensemble du pr\u00e9sent site internet et sont susceptibles d&rsquo;\u00e9voluer sans pr\u00e9avis. L&rsquo;Utilisateur du site est donc invit\u00e9 \u00e0 les consulter r\u00e9guli\u00e8rement afin d&rsquo;en prendre connaissance.<\/p>\n<\/div>\n<\/div>\n<\/div>\n<\/div>\n<\/div>\n<\/section>\n<\/div>\n<\/div>\n<p>&nbsp;<\/p>\n<p>&nbsp;<\/p>\n<p><!-- \/divi:heading --><\/p>\n<p>[\/et_pb_text][\/et_pb_column][\/et_pb_row][\/et_pb_section]<\/p>\n","protected":false},"excerpt":{"rendered":"<p>&nbsp; Qui suis-je ? L\u2019adresse de mon site Web est : https:\/\/adeline-proquin-naturopathe.fr\/ &nbsp; &nbsp; Mentions l\u00e9gales Conform\u00e9ment aux dispositions des articles 6-III et 19 de la Loi n\u00b0 2004-575 du 21 juin 2004 pour la Confiance dans l&rsquo;\u00e9conomie num\u00e9rique, dite L.C.E.N., nous portons \u00e0 la connaissance des utilisateurs et visiteurs du site adeline-proquin-naturopathe.fr les informations [&hellip;]<\/p>\n","protected":false},"author":1,"featured_media":0,"parent":0,"menu_order":0,"comment_status":"closed","ping_status":"open","template":"","meta":{"_et_pb_use_builder":"on","_et_pb_old_content":"<!-- wp:heading -->\n<h2>Qui sommes-nous&nbsp;?<\/h2>\n<!-- \/wp:heading -->\n\n<!-- wp:paragraph -->\n<p>L\u2019adresse de notre site Web est&nbsp;: http:\/\/celine-le-mer-proquin.fr.<\/p>\n<!-- \/wp:paragraph -->\n\n<!-- wp:heading -->\n<h2>Utilisation des donn\u00e9es personnelles collect\u00e9es<\/h2>\n<!-- \/wp:heading -->\n\n<!-- wp:heading {\"level\":3} -->\n<h3>Commentaires<\/h3>\n<!-- \/wp:heading -->\n\n<!-- wp:paragraph -->\n<p>Quand vous laissez un commentaire sur notre site web, les donn\u00e9es inscrites dans le formulaire de commentaire, mais aussi votre adresse IP et l\u2019agent utilisateur de votre navigateur sont collect\u00e9s pour nous aider \u00e0 la d\u00e9tection des commentaires ind\u00e9sirables.<\/p>\n<!-- \/wp:paragraph -->\n\n<!-- wp:paragraph -->\n<p>Une cha\u00eene anonymis\u00e9e cr\u00e9\u00e9e \u00e0 partir de votre adresse de messagerie (\u00e9galement appel\u00e9e hash) peut \u00eatre envoy\u00e9e au service Gravatar pour v\u00e9rifier si vous utilisez ce dernier. Les clauses de confidentialit\u00e9 du service Gravatar sont disponibles ici&nbsp;: https:\/\/automattic.com\/privacy\/. Apr\u00e8s validation de votre commentaire, votre photo de profil sera visible publiquement \u00e0 cot\u00e9 de votre commentaire.<\/p>\n<!-- \/wp:paragraph -->\n\n<!-- wp:heading {\"level\":3} -->\n<h3>M\u00e9dias<\/h3>\n<!-- \/wp:heading -->\n\n<!-- wp:paragraph -->\n<p>Si vous \u00eates un utilisateur ou une utilisatrice enregistr\u00e9\u00b7e et que vous t\u00e9l\u00e9versez des images sur le site web, nous vous conseillons d\u2019\u00e9viter de t\u00e9l\u00e9verser des images contenant des donn\u00e9es EXIF de coordonn\u00e9es GPS. Les visiteurs de votre site web peuvent t\u00e9l\u00e9charger et extraire des donn\u00e9es de localisation depuis ces images.<\/p>\n<!-- \/wp:paragraph -->\n\n<!-- wp:heading {\"level\":3} -->\n<h3>Formulaires de contact<\/h3>\n<!-- \/wp:heading -->\n\n<!-- wp:heading {\"level\":3} -->\n<h3>Cookies<\/h3>\n<!-- \/wp:heading -->\n\n<!-- wp:paragraph -->\n<p>Si vous d\u00e9posez un commentaire sur notre site, il vous sera propos\u00e9 d\u2019enregistrer votre nom, adresse de messagerie et site web dans des cookies. C\u2019est uniquement pour votre confort afin de ne pas avoir \u00e0 saisir ces informations si vous d\u00e9posez un autre commentaire plus tard. Ces cookies expirent au bout d\u2019un an.<\/p>\n<!-- \/wp:paragraph -->\n\n<!-- wp:paragraph -->\n<p>Si vous vous rendez sur la page de connexion, un cookie temporaire sera cr\u00e9\u00e9 afin de d\u00e9terminer si votre navigateur accepte les cookies. Il ne contient pas de donn\u00e9es personnelles et sera supprim\u00e9 automatiquement \u00e0 la fermeture de votre navigateur.<\/p>\n<!-- \/wp:paragraph -->\n\n<!-- wp:paragraph -->\n<p>Lorsque vous vous connecterez, nous mettrons en place un certain nombre de cookies pour enregistrer vos informations de connexion et vos pr\u00e9f\u00e9rences d\u2019\u00e9cran. La dur\u00e9e de vie d\u2019un cookie de connexion est de deux jours, celle d\u2019un cookie d\u2019option d\u2019\u00e9cran est d\u2019un an. Si vous cochez \u00ab&nbsp;Se souvenir de moi&nbsp;\u00bb, votre cookie de connexion sera conserv\u00e9 pendant deux semaines. Si vous vous d\u00e9connectez de votre compte, le cookie de connexion sera effac\u00e9.<\/p>\n<!-- \/wp:paragraph -->\n\n<!-- wp:paragraph -->\n<p>En modifiant ou en publiant une publication, un cookie suppl\u00e9mentaire sera enregistr\u00e9 dans votre navigateur. Ce cookie ne comprend aucune donn\u00e9e personnelle. Il indique simplement l\u2019ID de la publication que vous venez de modifier. Il expire au bout d\u2019un jour.<\/p>\n<!-- \/wp:paragraph -->\n\n<!-- wp:heading {\"level\":3} -->\n<h3>Contenu embarqu\u00e9 depuis d\u2019autres sites<\/h3>\n<!-- \/wp:heading -->\n\n<!-- wp:paragraph -->\n<p>Les articles de ce site peuvent inclure des contenus int\u00e9gr\u00e9s (par exemple des vid\u00e9os, images, articles\u2026). Le contenu int\u00e9gr\u00e9 depuis d\u2019autres sites se comporte de la m\u00eame mani\u00e8re que si le visiteur se rendait sur cet autre site.<\/p>\n<!-- \/wp:paragraph -->\n\n<!-- wp:paragraph -->\n<p>Ces sites web pourraient collecter des donn\u00e9es sur vous, utiliser des cookies, embarquer des outils de suivis tiers, suivre vos interactions avec ces contenus embarqu\u00e9s si vous disposez d\u2019un compte connect\u00e9 sur leur site web.<\/p>\n<!-- \/wp:paragraph -->\n\n<!-- wp:heading {\"level\":3} -->\n<h3>Statistiques et mesures d\u2019audience<\/h3>\n<!-- \/wp:heading -->\n\n<!-- wp:heading -->\n<h2>Utilisation et transmission de vos donn\u00e9es personnelles<\/h2>\n<!-- \/wp:heading -->\n\n<!-- wp:heading -->\n<h2>Dur\u00e9es de stockage de vos donn\u00e9es<\/h2>\n<!-- \/wp:heading -->\n\n<!-- wp:paragraph -->\n<p>Si vous laissez un commentaire, le commentaire et ses m\u00e9tadonn\u00e9es sont conserv\u00e9s ind\u00e9finiment. Cela permet de reconna\u00eetre et approuver automatiquement les commentaires suivants au lieu de les laisser dans la file de mod\u00e9ration.<\/p>\n<!-- \/wp:paragraph -->\n\n<!-- wp:paragraph -->\n<p>Pour les utilisateurs et utilisatrices qui s\u2019inscrivent sur notre site (si cela est possible), nous stockons \u00e9galement les donn\u00e9es personnelles indiqu\u00e9es dans leur profil. Tous les utilisateurs et utilisatrices peuvent voir, modifier ou supprimer leurs informations personnelles \u00e0 tout moment (\u00e0 l\u2019exception de leur nom d\u2019utilisateur\u00b7ice). Les gestionnaires du site peuvent aussi voir et modifier ces informations.<\/p>\n<!-- \/wp:paragraph -->\n\n<!-- wp:heading -->\n<h2>Les droits que vous avez sur vos donn\u00e9es<\/h2>\n<!-- \/wp:heading -->\n\n<!-- wp:paragraph -->\n<p>Si vous avez un compte ou si vous avez laiss\u00e9 des commentaires sur le site, vous pouvez demander \u00e0 recevoir un fichier contenant toutes les donn\u00e9es personnelles que nous poss\u00e9dons \u00e0 votre sujet, incluant celles que vous nous avez fournies. Vous pouvez \u00e9galement demander la suppression des donn\u00e9es personnelles vous concernant. Cela ne prend pas en compte les donn\u00e9es stock\u00e9es \u00e0 des fins administratives, l\u00e9gales ou pour des raisons de s\u00e9curit\u00e9.<\/p>\n<!-- \/wp:paragraph -->\n\n<!-- wp:heading -->\n<h2>Transmission de vos donn\u00e9es personnelles<\/h2>\n<!-- \/wp:heading -->\n\n<!-- wp:paragraph -->\n<p>Les commentaires des visiteurs peuvent \u00eatre v\u00e9rifi\u00e9s \u00e0 l\u2019aide d\u2019un service automatis\u00e9 de d\u00e9tection des commentaires ind\u00e9sirables.<\/p>\n<!-- \/wp:paragraph -->\n\n<!-- wp:heading -->\n<h2>Informations de contact<\/h2>\n<!-- \/wp:heading -->\n\n<!-- wp:heading -->\n<h2>Informations suppl\u00e9mentaires<\/h2>\n<!-- \/wp:heading -->\n\n<!-- wp:heading {\"level\":3} -->\n<h3>Comment nous prot\u00e9geons vos donn\u00e9es<\/h3>\n<!-- \/wp:heading -->\n\n<!-- wp:heading {\"level\":3} -->\n<h3>Proc\u00e9dures mises en \u0153uvre en cas de fuite de donn\u00e9es<\/h3>\n<!-- \/wp:heading -->\n\n<!-- wp:heading {\"level\":3} -->\n<h3>Les services tiers qui nous transmettent des donn\u00e9es<\/h3>\n<!-- \/wp:heading -->\n\n<!-- wp:heading {\"level\":3} -->\n<h3>Op\u00e9rations de marketing automatis\u00e9 et\/ou de profilage r\u00e9alis\u00e9es \u00e0 l\u2019aide des donn\u00e9es personnelles<\/h3>\n<!-- \/wp:heading -->\n\n<!-- wp:heading {\"level\":3} -->\n<h3>Affichage des informations li\u00e9es aux secteurs soumis \u00e0 des r\u00e9gulations sp\u00e9cifiques<\/h3>\n<!-- \/wp:heading -->","_et_gb_content_width":"","footnotes":""},"class_list":["post-167","page","type-page","status-publish","hentry"],"yoast_head":"<!-- This site is optimized with the Yoast SEO plugin v26.6 - https:\/\/yoast.com\/wordpress\/plugins\/seo\/ -->\n<title>Mentions l\u00e9gales - Adeline Proquin - Naturopathe<\/title>\n<meta name=\"robots\" content=\"index, follow, max-snippet:-1, max-image-preview:large, max-video-preview:-1\" \/>\n<link rel=\"canonical\" href=\"https:\/\/adeline-proquin-naturopathe.fr\/index.php\/mentions-legales\/\" \/>\n<meta property=\"og:locale\" content=\"fr_FR\" \/>\n<meta property=\"og:type\" content=\"article\" \/>\n<meta property=\"og:title\" content=\"Mentions l\u00e9gales - Adeline Proquin - Naturopathe\" \/>\n<meta property=\"og:description\" content=\"&nbsp; Qui suis-je ? L\u2019adresse de mon site Web est : https:\/\/adeline-proquin-naturopathe.fr\/ &nbsp; &nbsp; Mentions l\u00e9gales Conform\u00e9ment aux dispositions des articles 6-III et 19 de la Loi n\u00b0 2004-575 du 21 juin 2004 pour la Confiance dans l&#039;\u00e9conomie num\u00e9rique, dite L.C.E.N., nous portons \u00e0 la connaissance des utilisateurs et visiteurs du site adeline-proquin-naturopathe.fr les informations [&hellip;]\" \/>\n<meta property=\"og:url\" content=\"https:\/\/adeline-proquin-naturopathe.fr\/index.php\/mentions-legales\/\" \/>\n<meta property=\"og:site_name\" content=\"Adeline Proquin - Naturopathe\" \/>\n<meta property=\"article:publisher\" content=\"https:\/\/www.facebook.com\/profile.php?id=61558466216181&amp;sk=followers\" \/>\n<meta property=\"article:modified_time\" content=\"2025-11-27T14:17:18+00:00\" \/>\n<meta name=\"twitter:card\" content=\"summary_large_image\" \/>\n<meta name=\"twitter:label1\" content=\"Dur\u00e9e de lecture estim\u00e9e\" \/>\n\t<meta name=\"twitter:data1\" content=\"8 minutes\" \/>\n<script type=\"application\/ld+json\" class=\"yoast-schema-graph\">{\"@context\":\"https:\/\/schema.org\",\"@graph\":[{\"@type\":\"WebPage\",\"@id\":\"https:\/\/adeline-proquin-naturopathe.fr\/index.php\/mentions-legales\/\",\"url\":\"https:\/\/adeline-proquin-naturopathe.fr\/index.php\/mentions-legales\/\",\"name\":\"Mentions l\u00e9gales - Adeline Proquin - Naturopathe\",\"isPartOf\":{\"@id\":\"https:\/\/adeline-proquin-naturopathe.fr\/#website\"},\"datePublished\":\"2021-08-28T14:43:27+00:00\",\"dateModified\":\"2025-11-27T14:17:18+00:00\",\"breadcrumb\":{\"@id\":\"https:\/\/adeline-proquin-naturopathe.fr\/index.php\/mentions-legales\/#breadcrumb\"},\"inLanguage\":\"fr-FR\",\"potentialAction\":[{\"@type\":\"ReadAction\",\"target\":[\"https:\/\/adeline-proquin-naturopathe.fr\/index.php\/mentions-legales\/\"]}]},{\"@type\":\"BreadcrumbList\",\"@id\":\"https:\/\/adeline-proquin-naturopathe.fr\/index.php\/mentions-legales\/#breadcrumb\",\"itemListElement\":[{\"@type\":\"ListItem\",\"position\":1,\"name\":\"Accueil\",\"item\":\"https:\/\/adeline-proquin-naturopathe.fr\/\"},{\"@type\":\"ListItem\",\"position\":2,\"name\":\"Mentions l\u00e9gales\"}]},{\"@type\":\"WebSite\",\"@id\":\"https:\/\/adeline-proquin-naturopathe.fr\/#website\",\"url\":\"https:\/\/adeline-proquin-naturopathe.fr\/\",\"name\":\"Adeline Proquin - Naturopathe\",\"description\":\"Gestion stress\",\"publisher\":{\"@id\":\"https:\/\/adeline-proquin-naturopathe.fr\/#organization\"},\"potentialAction\":[{\"@type\":\"SearchAction\",\"target\":{\"@type\":\"EntryPoint\",\"urlTemplate\":\"https:\/\/adeline-proquin-naturopathe.fr\/?s={search_term_string}\"},\"query-input\":{\"@type\":\"PropertyValueSpecification\",\"valueRequired\":true,\"valueName\":\"search_term_string\"}}],\"inLanguage\":\"fr-FR\"},{\"@type\":\"Organization\",\"@id\":\"https:\/\/adeline-proquin-naturopathe.fr\/#organization\",\"name\":\"Adeline Proquin - Naturopathe\",\"url\":\"https:\/\/adeline-proquin-naturopathe.fr\/\",\"logo\":{\"@type\":\"ImageObject\",\"inLanguage\":\"fr-FR\",\"@id\":\"https:\/\/adeline-proquin-naturopathe.fr\/#\/schema\/logo\/image\/\",\"url\":\"https:\/\/adeline-proquin-naturopathe.fr\/wp-content\/uploads\/2025\/11\/cropped-Logo-fond-blanc.jpg\",\"contentUrl\":\"https:\/\/adeline-proquin-naturopathe.fr\/wp-content\/uploads\/2025\/11\/cropped-Logo-fond-blanc.jpg\",\"width\":512,\"height\":512,\"caption\":\"Adeline Proquin - Naturopathe\"},\"image\":{\"@id\":\"https:\/\/adeline-proquin-naturopathe.fr\/#\/schema\/logo\/image\/\"},\"sameAs\":[\"https:\/\/www.facebook.com\/profile.php?id=61558466216181&sk=followers\",\"https:\/\/www.instagram.com\/adeline_proquin_naturopathe\/\",\"https:\/\/www.linkedin.com\/in\/adeline-proquin-9b664797\/\"]}]}<\/script>\n<!-- \/ Yoast SEO plugin. -->","yoast_head_json":{"title":"Mentions l\u00e9gales - Adeline Proquin - Naturopathe","robots":{"index":"index","follow":"follow","max-snippet":"max-snippet:-1","max-image-preview":"max-image-preview:large","max-video-preview":"max-video-preview:-1"},"canonical":"https:\/\/adeline-proquin-naturopathe.fr\/index.php\/mentions-legales\/","og_locale":"fr_FR","og_type":"article","og_title":"Mentions l\u00e9gales - Adeline Proquin - Naturopathe","og_description":"&nbsp; Qui suis-je ? L\u2019adresse de mon site Web est : https:\/\/adeline-proquin-naturopathe.fr\/ &nbsp; &nbsp; Mentions l\u00e9gales Conform\u00e9ment aux dispositions des articles 6-III et 19 de la Loi n\u00b0 2004-575 du 21 juin 2004 pour la Confiance dans l'\u00e9conomie num\u00e9rique, dite L.C.E.N., nous portons \u00e0 la connaissance des utilisateurs et visiteurs du site adeline-proquin-naturopathe.fr les informations [&hellip;]","og_url":"https:\/\/adeline-proquin-naturopathe.fr\/index.php\/mentions-legales\/","og_site_name":"Adeline Proquin - Naturopathe","article_publisher":"https:\/\/www.facebook.com\/profile.php?id=61558466216181&sk=followers","article_modified_time":"2025-11-27T14:17:18+00:00","twitter_card":"summary_large_image","twitter_misc":{"Dur\u00e9e de lecture estim\u00e9e":"8 minutes"},"schema":{"@context":"https:\/\/schema.org","@graph":[{"@type":"WebPage","@id":"https:\/\/adeline-proquin-naturopathe.fr\/index.php\/mentions-legales\/","url":"https:\/\/adeline-proquin-naturopathe.fr\/index.php\/mentions-legales\/","name":"Mentions l\u00e9gales - Adeline Proquin - Naturopathe","isPartOf":{"@id":"https:\/\/adeline-proquin-naturopathe.fr\/#website"},"datePublished":"2021-08-28T14:43:27+00:00","dateModified":"2025-11-27T14:17:18+00:00","breadcrumb":{"@id":"https:\/\/adeline-proquin-naturopathe.fr\/index.php\/mentions-legales\/#breadcrumb"},"inLanguage":"fr-FR","potentialAction":[{"@type":"ReadAction","target":["https:\/\/adeline-proquin-naturopathe.fr\/index.php\/mentions-legales\/"]}]},{"@type":"BreadcrumbList","@id":"https:\/\/adeline-proquin-naturopathe.fr\/index.php\/mentions-legales\/#breadcrumb","itemListElement":[{"@type":"ListItem","position":1,"name":"Accueil","item":"https:\/\/adeline-proquin-naturopathe.fr\/"},{"@type":"ListItem","position":2,"name":"Mentions l\u00e9gales"}]},{"@type":"WebSite","@id":"https:\/\/adeline-proquin-naturopathe.fr\/#website","url":"https:\/\/adeline-proquin-naturopathe.fr\/","name":"Adeline Proquin - Naturopathe","description":"Gestion stress","publisher":{"@id":"https:\/\/adeline-proquin-naturopathe.fr\/#organization"},"potentialAction":[{"@type":"SearchAction","target":{"@type":"EntryPoint","urlTemplate":"https:\/\/adeline-proquin-naturopathe.fr\/?s={search_term_string}"},"query-input":{"@type":"PropertyValueSpecification","valueRequired":true,"valueName":"search_term_string"}}],"inLanguage":"fr-FR"},{"@type":"Organization","@id":"https:\/\/adeline-proquin-naturopathe.fr\/#organization","name":"Adeline Proquin - Naturopathe","url":"https:\/\/adeline-proquin-naturopathe.fr\/","logo":{"@type":"ImageObject","inLanguage":"fr-FR","@id":"https:\/\/adeline-proquin-naturopathe.fr\/#\/schema\/logo\/image\/","url":"https:\/\/adeline-proquin-naturopathe.fr\/wp-content\/uploads\/2025\/11\/cropped-Logo-fond-blanc.jpg","contentUrl":"https:\/\/adeline-proquin-naturopathe.fr\/wp-content\/uploads\/2025\/11\/cropped-Logo-fond-blanc.jpg","width":512,"height":512,"caption":"Adeline Proquin - Naturopathe"},"image":{"@id":"https:\/\/adeline-proquin-naturopathe.fr\/#\/schema\/logo\/image\/"},"sameAs":["https:\/\/www.facebook.com\/profile.php?id=61558466216181&sk=followers","https:\/\/www.instagram.com\/adeline_proquin_naturopathe\/","https:\/\/www.linkedin.com\/in\/adeline-proquin-9b664797\/"]}]}},"_links":{"self":[{"href":"https:\/\/adeline-proquin-naturopathe.fr\/index.php\/wp-json\/wp\/v2\/pages\/167","targetHints":{"allow":["GET"]}}],"collection":[{"href":"https:\/\/adeline-proquin-naturopathe.fr\/index.php\/wp-json\/wp\/v2\/pages"}],"about":[{"href":"https:\/\/adeline-proquin-naturopathe.fr\/index.php\/wp-json\/wp\/v2\/types\/page"}],"author":[{"embeddable":true,"href":"https:\/\/adeline-proquin-naturopathe.fr\/index.php\/wp-json\/wp\/v2\/users\/1"}],"replies":[{"embeddable":true,"href":"https:\/\/adeline-proquin-naturopathe.fr\/index.php\/wp-json\/wp\/v2\/comments?post=167"}],"version-history":[{"count":11,"href":"https:\/\/adeline-proquin-naturopathe.fr\/index.php\/wp-json\/wp\/v2\/pages\/167\/revisions"}],"predecessor-version":[{"id":746,"href":"https:\/\/adeline-proquin-naturopathe.fr\/index.php\/wp-json\/wp\/v2\/pages\/167\/revisions\/746"}],"wp:attachment":[{"href":"https:\/\/adeline-proquin-naturopathe.fr\/index.php\/wp-json\/wp\/v2\/media?parent=167"}],"curies":[{"name":"wp","href":"https:\/\/api.w.org\/{rel}","templated":true}]}}